{"id":49,"date":"2023-03-31T00:00:07","date_gmt":"2023-03-31T00:00:07","guid":{"rendered":"http:\/\/danny-buller.com\/?page_id=49"},"modified":"2023-10-23T10:59:46","modified_gmt":"2023-10-23T10:59:46","slug":"bundesverdienstkreuz","status":"publish","type":"page","link":"http:\/\/danny-buller.com\/?page_id=49","title":{"rendered":"BUNDESVERDIENSTKREUZ"},"content":{"rendered":"\n<p>Danny Buller erhielt f\u00fcr sein au\u00dfergew\u00f6hnliches, soziales Engagement die h\u00f6chste Auszeichnung der Bundesrepublik Deutschland. Feierlich und in Anerkennung der um Volk und Staat erworbenen besonderen Verdienste, wurde ihm der <em>Verdienstorden der Bundesrepublik Deutschland<\/em> verliehen.<\/p>\n\n\n\n<p>Der Verdienstorden der Bundesrepublik Deutschland, umgangssprachlich Bundesverdienstkreuz, ist die h\u00f6chste Auszeichnung der Bundesrepublik Deutschland.<\/p>\n\n\n\n<figure class=\"wp-block-image size-large\"><img loading=\"lazy\" decoding=\"async\" width=\"819\" height=\"1024\" src=\"http:\/\/danny-buller.com\/wp-content\/uploads\/2023\/10\/Bundesverdienstorden-02-819x1024.jpg\" alt=\"\" class=\"wp-image-973\" srcset=\"http:\/\/danny-buller.com\/wp-content\/uploads\/2023\/10\/Bundesverdienstorden-02-819x1024.jpg 819w, http:\/\/danny-buller.com\/wp-content\/uploads\/2023\/10\/Bundesverdienstorden-02-600x750.jpg 600w, http:\/\/danny-buller.com\/wp-content\/uploads\/2023\/10\/Bundesverdienstorden-02-240x300.jpg 240w, http:\/\/danny-buller.com\/wp-content\/uploads\/2023\/10\/Bundesverdienstorden-02-768x960.jpg 768w, http:\/\/danny-buller.com\/wp-content\/uploads\/2023\/10\/Bundesverdienstorden-02.jpg 1170w\" sizes=\"auto, (max-width: 819px) 100vw, 819px\" \/><figcaption class=\"wp-element-caption\">Danny Buller, Verleihung des Bundesverdienstkreuzes<\/figcaption><\/figure>\n\n\n\n<p><br><\/p>\n","protected":false},"excerpt":{"rendered":"<p>Danny Buller erhielt f\u00fcr sein au\u00dfergew\u00f6hnliches, soziales Engagement die h\u00f6chste Auszeichnung der Bundesrepublik Deutschland. Feierlich und in Anerkennung der um Volk und Staat erworbenen besonderen&#8230;<\/p>\n<div class=\"more-link-wrapper\"><a class=\"more-link\" href=\"http:\/\/danny-buller.com\/?page_id=49\">Weiterlesen<span class=\"screen-reader-text\">BUNDESVERDIENSTKREUZ<\/span><\/a><\/div>\n","protected":false},"author":1,"featured_media":0,"parent":0,"menu_order":0,"comment_status":"closed","ping_status":"closed","template":"","meta":{"jetpack_post_was_ever_published":false,"footnotes":""},"class_list":["post-49","page","type-page","status-publish","hentry","entry"],"jetpack_sharing_enabled":true,"_links":{"self":[{"href":"http:\/\/danny-buller.com\/index.php?rest_route=\/wp\/v2\/pages\/49","targetHints":{"allow":["GET"]}}],"collection":[{"href":"http:\/\/danny-buller.com\/index.php?rest_route=\/wp\/v2\/pages"}],"about":[{"href":"http:\/\/danny-buller.com\/index.php?rest_route=\/wp\/v2\/types\/page"}],"author":[{"embeddable":true,"href":"http:\/\/danny-buller.com\/index.php?rest_route=\/wp\/v2\/users\/1"}],"replies":[{"embeddable":true,"href":"http:\/\/danny-buller.com\/index.php?rest_route=%2Fwp%2Fv2%2Fcomments&post=49"}],"version-history":[{"count":6,"href":"http:\/\/danny-buller.com\/index.php?rest_route=\/wp\/v2\/pages\/49\/revisions"}],"predecessor-version":[{"id":1031,"href":"http:\/\/danny-buller.com\/index.php?rest_route=\/wp\/v2\/pages\/49\/revisions\/1031"}],"wp:attachment":[{"href":"http:\/\/danny-buller.com\/index.php?rest_route=%2Fwp%2Fv2%2Fmedia&parent=49"}],"curies":[{"name":"wp","href":"https:\/\/api.w.org\/{rel}","templated":true}]}}